{"id":230,"date":"2023-07-25T15:21:21","date_gmt":"2023-07-25T13:21:21","guid":{"rendered":"https:\/\/dev.drladstaetter.at\/?page_id=230"},"modified":"2024-07-18T14:10:25","modified_gmt":"2024-07-18T12:10:25","slug":"ladis-vollkornleckerlis","status":"publish","type":"page","link":"https:\/\/drladstaetter.at\/?page_id=230","title":{"rendered":"LADiS Vollkornleckerlis"},"content":{"rendered":"\t\t<div data-elementor-type=\"wp-page\" data-elementor-id=\"230\" class=\"elementor elementor-230\" data-elementor-post-type=\"page\">\n\t\t\t\t\t\t<section class=\"elementor-section elementor-top-section elementor-element elementor-element-bd9c713 elementor-section-boxed elementor-section-height-default elementor-section-height-default\" data-id=\"bd9c713\" data-element_type=\"section\" data-settings=\"{&quot;background_background&quot;:&quot;classic&quot;}\">\n\t\t\t\t\t\t<div class=\"elementor-container elementor-column-gap-default\">\n\t\t\t\t\t<div class=\"elementor-column elementor-col-100 elementor-top-column elementor-element elementor-element-a4956fe\" data-id=\"a4956fe\" data-element_type=\"column\">\n\t\t\t<div class=\"elementor-widget-wrap elementor-element-populated\">\n\t\t\t\t\t\t<div class=\"elementor-element elementor-element-b0aec75 elementor-widget elementor-widget-heading\" data-id=\"b0aec75\" data-element_type=\"widget\" data-widget_type=\"heading.default\">\n\t\t\t\t<div class=\"elementor-widget-container\">\n\t\t\t\t\t<h1 class=\"elementor-heading-title elementor-size-default\">Vollkornleckerlis: Unsere feinen Sorten<\/h1>\t\t\t\t<\/div>\n\t\t\t\t<\/div>\n\t\t\t\t\t<\/div>\n\t\t<\/div>\n\t\t\t\t\t<\/div>\n\t\t<\/section>\n\t\t\t\t<section class=\"elementor-section elementor-top-section elementor-element elementor-element-13df57e elementor-section-boxed elementor-section-height-default elementor-section-height-default\" data-id=\"13df57e\" data-element_type=\"section\" data-settings=\"{&quot;background_background&quot;:&quot;classic&quot;}\">\n\t\t\t\t\t\t<div class=\"elementor-container elementor-column-gap-default\">\n\t\t\t\t\t<div class=\"elementor-column elementor-col-100 elementor-top-column elementor-element elementor-element-a28339c\" data-id=\"a28339c\" data-element_type=\"column\">\n\t\t\t<div class=\"elementor-widget-wrap elementor-element-populated\">\n\t\t\t\t\t\t<div class=\"elementor-element elementor-element-904747b elementor-widget elementor-widget-text-editor\" data-id=\"904747b\" data-element_type=\"widget\" data-widget_type=\"text-editor.default\">\n\t\t\t\t<div class=\"elementor-widget-container\">\n\t\t\t\t\t\t\t\t\tUnsere handgemachten Hundekekse aus Dinkelvollmehl gibt es in vier k\u00f6stlichen Sorten und als Sortenmix.<br><br>\n\nIn farbigen Papiers\u00e4ckchen verpackt, erlauben die Sichtfenster einen Einblick auf jeweils 120g\t\t\t\t\t\t\t\t<\/div>\n\t\t\t\t<\/div>\n\t\t\t\t\t<\/div>\n\t\t<\/div>\n\t\t\t\t\t<\/div>\n\t\t<\/section>\n\t\t\t\t<section class=\"elementor-section elementor-top-section elementor-element elementor-element-30a6206 elementor-section-boxed elementor-section-height-default elementor-section-height-default\" data-id=\"30a6206\" data-element_type=\"section\" data-settings=\"{&quot;background_background&quot;:&quot;classic&quot;}\">\n\t\t\t\t\t\t<div class=\"elementor-container elementor-column-gap-default\">\n\t\t\t\t\t<div class=\"elementor-column elementor-col-100 elementor-top-column elementor-element elementor-element-1371913\" data-id=\"1371913\" data-element_type=\"column\">\n\t\t\t<div class=\"elementor-widget-wrap elementor-element-populated\">\n\t\t\t\t\t\t<div class=\"elementor-element elementor-element-e083620 elementor-widget elementor-widget-gallery\" data-id=\"e083620\" data-element_type=\"widget\" data-settings=\"{&quot;columns&quot;:5,&quot;aspect_ratio&quot;:&quot;1:1&quot;,&quot;columns_mobile&quot;:3,&quot;lazyload&quot;:&quot;yes&quot;,&quot;gallery_layout&quot;:&quot;grid&quot;,&quot;columns_tablet&quot;:2,&quot;gap&quot;:{&quot;unit&quot;:&quot;px&quot;,&quot;size&quot;:10,&quot;sizes&quot;:[]},&quot;gap_tablet&quot;:{&quot;unit&quot;:&quot;px&quot;,&quot;size&quot;:10,&quot;sizes&quot;:[]},&quot;gap_mobile&quot;:{&quot;unit&quot;:&quot;px&quot;,&quot;size&quot;:10,&quot;sizes&quot;:[]},&quot;link_to&quot;:&quot;file&quot;,&quot;overlay_background&quot;:&quot;yes&quot;,&quot;content_hover_animation&quot;:&quot;fade-in&quot;}\" data-widget_type=\"gallery.default\">\n\t\t\t\t<div class=\"elementor-widget-container\">\n\t\t\t\t\t\t\t<div class=\"elementor-gallery__container\">\n\t\t\t\t\t\t\t<a class=\"e-gallery-item elementor-gallery-item elementor-animated-content\" href=\"https:\/\/drladstaetter.at\/wp-content\/uploads\/2023\/07\/kra-uterherzen-1920w.webp\" data-elementor-open-lightbox=\"yes\" data-elementor-lightbox-slideshow=\"e083620\" data-elementor-lightbox-title=\"kra-uterherzen-1920w\" data-e-action-hash=\"#elementor-action%3Aaction%3Dlightbox%26settings%3DeyJpZCI6MjQ0LCJ1cmwiOiJodHRwczpcL1wvZHJsYWRzdGFldHRlci5hdFwvd3AtY29udGVudFwvdXBsb2Fkc1wvMjAyM1wvMDdcL2tyYS11dGVyaGVyemVuLTE5MjB3LndlYnAiLCJzbGlkZXNob3ciOiJlMDgzNjIwIn0%3D\">\n\t\t\t\t\t<div class=\"e-gallery-image elementor-gallery-item__image\" data-thumbnail=\"https:\/\/drladstaetter.at\/wp-content\/uploads\/2023\/07\/kra-uterherzen-1920w.webp\" data-width=\"1920\" data-height=\"2560\" aria-label=\"\" role=\"img\" ><\/div>\n\t\t\t\t\t\t\t\t\t\t\t<div class=\"elementor-gallery-item__overlay\"><\/div>\n\t\t\t\t\t\t\t\t\t\t\t\t\t\t<\/a>\n\t\t\t\t\t\t\t<a class=\"e-gallery-item elementor-gallery-item elementor-animated-content\" href=\"https:\/\/drladstaetter.at\/wp-content\/uploads\/2023\/07\/gailtaler-1920w.webp\" data-elementor-open-lightbox=\"yes\" data-elementor-lightbox-slideshow=\"e083620\" data-elementor-lightbox-title=\"gailtaler-1920w\" data-e-action-hash=\"#elementor-action%3Aaction%3Dlightbox%26settings%3DeyJpZCI6MjQ4LCJ1cmwiOiJodHRwczpcL1wvZHJsYWRzdGFldHRlci5hdFwvd3AtY29udGVudFwvdXBsb2Fkc1wvMjAyM1wvMDdcL2dhaWx0YWxlci0xOTIwdy53ZWJwIiwic2xpZGVzaG93IjoiZTA4MzYyMCJ9\">\n\t\t\t\t\t<div class=\"e-gallery-image elementor-gallery-item__image\" data-thumbnail=\"https:\/\/drladstaetter.at\/wp-content\/uploads\/2023\/07\/gailtaler-1920w.webp\" data-width=\"1920\" data-height=\"2560\" aria-label=\"\" role=\"img\" ><\/div>\n\t\t\t\t\t\t\t\t\t\t\t<div class=\"elementor-gallery-item__overlay\"><\/div>\n\t\t\t\t\t\t\t\t\t\t\t\t\t\t<\/a>\n\t\t\t\t\t\t\t<a class=\"e-gallery-item elementor-gallery-item elementor-animated-content\" href=\"https:\/\/drladstaetter.at\/wp-content\/uploads\/2023\/07\/ka-serauten-1920w.webp\" data-elementor-open-lightbox=\"yes\" data-elementor-lightbox-slideshow=\"e083620\" data-elementor-lightbox-title=\"ka-serauten-1920w\" data-e-action-hash=\"#elementor-action%3Aaction%3Dlightbox%26settings%3DeyJpZCI6MjQ5LCJ1cmwiOiJodHRwczpcL1wvZHJsYWRzdGFldHRlci5hdFwvd3AtY29udGVudFwvdXBsb2Fkc1wvMjAyM1wvMDdcL2thLXNlcmF1dGVuLTE5MjB3LndlYnAiLCJzbGlkZXNob3ciOiJlMDgzNjIwIn0%3D\">\n\t\t\t\t\t<div class=\"e-gallery-image elementor-gallery-item__image\" data-thumbnail=\"https:\/\/drladstaetter.at\/wp-content\/uploads\/2023\/07\/ka-serauten-1920w.webp\" data-width=\"1920\" data-height=\"2560\" aria-label=\"\" role=\"img\" ><\/div>\n\t\t\t\t\t\t\t\t\t\t\t<div class=\"elementor-gallery-item__overlay\"><\/div>\n\t\t\t\t\t\t\t\t\t\t\t\t\t\t<\/a>\n\t\t\t\t\t\t\t<a class=\"e-gallery-item elementor-gallery-item elementor-animated-content\" href=\"https:\/\/drladstaetter.at\/wp-content\/uploads\/2023\/07\/bergfischli-1920w.webp\" data-elementor-open-lightbox=\"yes\" data-elementor-lightbox-slideshow=\"e083620\" data-elementor-lightbox-title=\"bergfischli-1920w\" data-e-action-hash=\"#elementor-action%3Aaction%3Dlightbox%26settings%3DeyJpZCI6MjQ3LCJ1cmwiOiJodHRwczpcL1wvZHJsYWRzdGFldHRlci5hdFwvd3AtY29udGVudFwvdXBsb2Fkc1wvMjAyM1wvMDdcL2JlcmdmaXNjaGxpLTE5MjB3LndlYnAiLCJzbGlkZXNob3ciOiJlMDgzNjIwIn0%3D\">\n\t\t\t\t\t<div class=\"e-gallery-image elementor-gallery-item__image\" data-thumbnail=\"https:\/\/drladstaetter.at\/wp-content\/uploads\/2023\/07\/bergfischli-1920w.webp\" data-width=\"1920\" data-height=\"2560\" aria-label=\"\" role=\"img\" ><\/div>\n\t\t\t\t\t\t\t\t\t\t\t<div class=\"elementor-gallery-item__overlay\"><\/div>\n\t\t\t\t\t\t\t\t\t\t\t\t\t\t<\/a>\n\t\t\t\t\t\t\t<a class=\"e-gallery-item elementor-gallery-item elementor-animated-content\" href=\"https:\/\/drladstaetter.at\/wp-content\/uploads\/2023\/07\/sortenmic-1920w.webp\" data-elementor-open-lightbox=\"yes\" data-elementor-lightbox-slideshow=\"e083620\" data-elementor-lightbox-title=\"sortenmic-1920w\" data-e-action-hash=\"#elementor-action%3Aaction%3Dlightbox%26settings%3DeyJpZCI6MjQ1LCJ1cmwiOiJodHRwczpcL1wvZHJsYWRzdGFldHRlci5hdFwvd3AtY29udGVudFwvdXBsb2Fkc1wvMjAyM1wvMDdcL3NvcnRlbm1pYy0xOTIwdy53ZWJwIiwic2xpZGVzaG93IjoiZTA4MzYyMCJ9\">\n\t\t\t\t\t<div class=\"e-gallery-image elementor-gallery-item__image\" data-thumbnail=\"https:\/\/drladstaetter.at\/wp-content\/uploads\/2023\/07\/sortenmic-1920w.webp\" data-width=\"1920\" data-height=\"2560\" aria-label=\"\" role=\"img\" ><\/div>\n\t\t\t\t\t\t\t\t\t\t\t<div class=\"elementor-gallery-item__overlay\"><\/div>\n\t\t\t\t\t\t\t\t\t\t\t\t\t\t<\/a>\n\t\t\t\t\t<\/div>\n\t\t\t\t\t<\/div>\n\t\t\t\t<\/div>\n\t\t\t\t<div class=\"elementor-element elementor-element-80f6c07 elementor-widget elementor-widget-text-editor\" data-id=\"80f6c07\" data-element_type=\"widget\" data-widget_type=\"text-editor.default\">\n\t\t\t\t<div class=\"elementor-widget-container\">\n\t\t\t\t\t\t\t\t\t<p>Kr\u00e4uterherzen (im gr\u00fcnen Sackerl \u2013 diese Sorte wird mit Kr\u00e4uterpesto gemacht),<br \/><span style=\"color: var( --e-global-color-text ); font-family: var( --e-global-typography-text-font-family ), Sans-serif; font-weight: var( --e-global-typography-text-font-weight ); background-color: var( --e-global-color-primary ); font-size: 1rem;\">Gailtaler (im roten Sackerl \u2013 mit Gailtaler Polenta und Verhackert),<br \/><\/span><span style=\"color: var( --e-global-color-text ); font-family: var( --e-global-typography-text-font-family ), Sans-serif; font-weight: var( --e-global-typography-text-font-weight ); background-color: var( --e-global-color-primary ); font-size: 1rem;\">K\u00e4serauten (im gelben Sackerl &#8211; mit Parmesan),<br \/><\/span><span style=\"color: var( --e-global-color-text ); font-family: var( --e-global-typography-text-font-family ), Sans-serif; font-weight: var( --e-global-typography-text-font-weight ); background-color: var( --e-global-color-primary ); font-size: 1rem;\">Bergfischli (im blauen Sackerl \u2013 mit R\u00e4ucherforelle) und den beliebten<br \/><\/span><span style=\"color: var( --e-global-color-text ); font-family: var( --e-global-typography-text-font-family ), Sans-serif; font-weight: var( --e-global-typography-text-font-weight ); background-color: var( --e-global-color-primary ); font-size: 1rem;\">Sortenmix (im schwarzen Sackerl): er enth\u00e4lt eine Mischung von allen vier Sorten.<\/span><\/p><p>Zum Probieren gibt es den Sortenmix auch in der praktischen 80g-Packung.\u00a0<br \/><span style=\"color: var( --e-global-color-text ); font-family: var( --e-global-typography-text-font-family ), Sans-serif; font-weight: var( --e-global-typography-text-font-weight ); background-color: var( --e-global-color-primary ); font-size: 1rem;\">Gerne senden wir die Kekse bei Bestellung ab 10 Sackerln auch zu (es f\u00e4llt zus\u00e4tzlich nur die Versandk0sten an)\u00a0<\/span><\/p><p><span class=\"\">Die Bestellung kann telefonisch \u00fcber die Nummer der Ordination erfolgen:\u00a0<\/span><a href=\"tel:+4342822660\" target=\"_blank\" rel=\"noopener\" type=\"call\">+43 (0)4282 2660<\/a><\/p>\t\t\t\t\t\t\t\t<\/div>\n\t\t\t\t<\/div>\n\t\t\t\t<div class=\"elementor-element elementor-element-62409f7 elementor-widget elementor-widget-gallery\" data-id=\"62409f7\" data-element_type=\"widget\" data-settings=\"{&quot;columns&quot;:3,&quot;lazyload&quot;:&quot;yes&quot;,&quot;gallery_layout&quot;:&quot;grid&quot;,&quot;columns_tablet&quot;:2,&quot;columns_mobile&quot;:1,&quot;gap&quot;:{&quot;unit&quot;:&quot;px&quot;,&quot;size&quot;:10,&quot;sizes&quot;:[]},&quot;gap_tablet&quot;:{&quot;unit&quot;:&quot;px&quot;,&quot;size&quot;:10,&quot;sizes&quot;:[]},&quot;gap_mobile&quot;:{&quot;unit&quot;:&quot;px&quot;,&quot;size&quot;:10,&quot;sizes&quot;:[]},&quot;link_to&quot;:&quot;file&quot;,&quot;aspect_ratio&quot;:&quot;3:2&quot;,&quot;overlay_background&quot;:&quot;yes&quot;,&quot;content_hover_animation&quot;:&quot;fade-in&quot;}\" data-widget_type=\"gallery.default\">\n\t\t\t\t<div class=\"elementor-widget-container\">\n\t\t\t\t\t\t\t<div class=\"elementor-gallery__container\">\n\t\t\t\t\t\t\t<a class=\"e-gallery-item elementor-gallery-item elementor-animated-content\" href=\"https:\/\/drladstaetter.at\/wp-content\/uploads\/2023\/07\/keks2-1920w-1.webp\" data-elementor-open-lightbox=\"yes\" data-elementor-lightbox-slideshow=\"62409f7\" data-elementor-lightbox-title=\"keks2-1920w\" data-e-action-hash=\"#elementor-action%3Aaction%3Dlightbox%26settings%3DeyJpZCI6MjUxLCJ1cmwiOiJodHRwczpcL1wvZHJsYWRzdGFldHRlci5hdFwvd3AtY29udGVudFwvdXBsb2Fkc1wvMjAyM1wvMDdcL2tla3MyLTE5MjB3LTEud2VicCIsInNsaWRlc2hvdyI6IjYyNDA5ZjcifQ%3D%3D\">\n\t\t\t\t\t<div class=\"e-gallery-image elementor-gallery-item__image\" data-thumbnail=\"https:\/\/drladstaetter.at\/wp-content\/uploads\/2023\/07\/keks2-1920w-1.webp\" data-width=\"1920\" data-height=\"1440\" aria-label=\"\" role=\"img\" ><\/div>\n\t\t\t\t\t\t\t\t\t\t\t<div class=\"elementor-gallery-item__overlay\"><\/div>\n\t\t\t\t\t\t\t\t\t\t\t\t\t\t<\/a>\n\t\t\t\t\t\t\t<a class=\"e-gallery-item elementor-gallery-item elementor-animated-content\" href=\"https:\/\/drladstaetter.at\/wp-content\/uploads\/2023\/07\/keks3-1920w-1.webp\" data-elementor-open-lightbox=\"yes\" data-elementor-lightbox-slideshow=\"62409f7\" data-elementor-lightbox-title=\"keks3-1920w\" data-e-action-hash=\"#elementor-action%3Aaction%3Dlightbox%26settings%3DeyJpZCI6MjUyLCJ1cmwiOiJodHRwczpcL1wvZHJsYWRzdGFldHRlci5hdFwvd3AtY29udGVudFwvdXBsb2Fkc1wvMjAyM1wvMDdcL2tla3MzLTE5MjB3LTEud2VicCIsInNsaWRlc2hvdyI6IjYyNDA5ZjcifQ%3D%3D\">\n\t\t\t\t\t<div class=\"e-gallery-image elementor-gallery-item__image\" data-thumbnail=\"https:\/\/drladstaetter.at\/wp-content\/uploads\/2023\/07\/keks3-1920w-1.webp\" data-width=\"1920\" data-height=\"1440\" aria-label=\"\" role=\"img\" ><\/div>\n\t\t\t\t\t\t\t\t\t\t\t<div class=\"elementor-gallery-item__overlay\"><\/div>\n\t\t\t\t\t\t\t\t\t\t\t\t\t\t<\/a>\n\t\t\t\t\t\t\t<a class=\"e-gallery-item elementor-gallery-item elementor-animated-content\" href=\"https:\/\/drladstaetter.at\/wp-content\/uploads\/2023\/07\/keks1-1920w-1.webp\" data-elementor-open-lightbox=\"yes\" data-elementor-lightbox-slideshow=\"62409f7\" data-elementor-lightbox-title=\"keks1-1920w\" data-e-action-hash=\"#elementor-action%3Aaction%3Dlightbox%26settings%3DeyJpZCI6MjUzLCJ1cmwiOiJodHRwczpcL1wvZHJsYWRzdGFldHRlci5hdFwvd3AtY29udGVudFwvdXBsb2Fkc1wvMjAyM1wvMDdcL2tla3MxLTE5MjB3LTEud2VicCIsInNsaWRlc2hvdyI6IjYyNDA5ZjcifQ%3D%3D\">\n\t\t\t\t\t<div class=\"e-gallery-image elementor-gallery-item__image\" data-thumbnail=\"https:\/\/drladstaetter.at\/wp-content\/uploads\/2023\/07\/keks1-1920w-1.webp\" data-width=\"1920\" data-height=\"1440\" aria-label=\"\" role=\"img\" ><\/div>\n\t\t\t\t\t\t\t\t\t\t\t<div class=\"elementor-gallery-item__overlay\"><\/div>\n\t\t\t\t\t\t\t\t\t\t\t\t\t\t<\/a>\n\t\t\t\t\t<\/div>\n\t\t\t\t\t<\/div>\n\t\t\t\t<\/div>\n\t\t\t\t<div class=\"elementor-element elementor-element-c38b806 elementor-align-center elementor-widget elementor-widget-button\" data-id=\"c38b806\" data-element_type=\"widget\" data-widget_type=\"button.default\">\n\t\t\t\t<div class=\"elementor-widget-container\">\n\t\t\t\t\t\t\t\t\t<div class=\"elementor-button-wrapper\">\n\t\t\t\t\t<a class=\"elementor-button elementor-button-link elementor-size-sm\" href=\"https:\/\/www.facebook.com\/ladisleckerlis\" target=\"_blank\">\n\t\t\t\t\t\t<span class=\"elementor-button-content-wrapper\">\n\t\t\t\t\t\t\t\t\t<span class=\"elementor-button-text\">Mehr erfahren<\/span>\n\t\t\t\t\t<\/span>\n\t\t\t\t\t<\/a>\n\t\t\t\t<\/div>\n\t\t\t\t\t\t\t\t<\/div>\n\t\t\t\t<\/div>\n\t\t\t\t\t<\/div>\n\t\t<\/div>\n\t\t\t\t\t<\/div>\n\t\t<\/section>\n\t\t\t\t<\/div>\n\t\t","protected":false},"excerpt":{"rendered":"<p>Vollkornleckerlis: Unsere feinen Sorten Unsere handgemachten Hundekekse aus Dinkelvollmehl gibt es in vier k\u00f6stlichen Sorten und als Sortenmix. In farbigen Papiers\u00e4ckchen verpackt, erlauben die Sichtfenster einen Einblick auf jeweils 120g Kr\u00e4uterherzen (im gr\u00fcnen Sackerl \u2013 diese Sorte wird mit Kr\u00e4uterpesto gemacht),Gailtaler (im roten Sackerl \u2013 mit Gailtaler Polenta und Verhackert),K\u00e4serauten (im gelben Sackerl &#8211; mit [&hellip;]<\/p>\n","protected":false},"author":1,"featured_media":0,"parent":0,"menu_order":0,"comment_status":"closed","ping_status":"closed","template":"elementor_header_footer","meta":{"footnotes":""},"class_list":["post-230","page","type-page","status-publish","hentry"],"_links":{"self":[{"href":"https:\/\/drladstaetter.at\/index.php?rest_route=\/wp\/v2\/pages\/230","targetHints":{"allow":["GET"]}}],"collection":[{"href":"https:\/\/drladstaetter.at\/index.php?rest_route=\/wp\/v2\/pages"}],"about":[{"href":"https:\/\/drladstaetter.at\/index.php?rest_route=\/wp\/v2\/types\/page"}],"author":[{"embeddable":true,"href":"https:\/\/drladstaetter.at\/index.php?rest_route=\/wp\/v2\/users\/1"}],"replies":[{"embeddable":true,"href":"https:\/\/drladstaetter.at\/index.php?rest_route=%2Fwp%2Fv2%2Fcomments&post=230"}],"version-history":[{"count":28,"href":"https:\/\/drladstaetter.at\/index.php?rest_route=\/wp\/v2\/pages\/230\/revisions"}],"predecessor-version":[{"id":324,"href":"https:\/\/drladstaetter.at\/index.php?rest_route=\/wp\/v2\/pages\/230\/revisions\/324"}],"wp:attachment":[{"href":"https:\/\/drladstaetter.at\/index.php?rest_route=%2Fwp%2Fv2%2Fmedia&parent=230"}],"curies":[{"name":"wp","href":"https:\/\/api.w.org\/{rel}","templated":true}]}}